{"id":1296,"date":"2019-02-09T10:13:54","date_gmt":"2019-02-09T10:13:54","guid":{"rendered":"http:\/\/www.slangtimes.com\/bernhardschmid\/?p=1296"},"modified":"2024-05-23T12:02:32","modified_gmt":"2024-05-23T12:02:32","slug":"zuboff-das-zeitalter-des-ueberwachungskapitalismus-materialien","status":"publish","type":"page","link":"https:\/\/www.slangtimes.com\/bernhardschmid\/zuboff-das-zeitalter-des-ueberwachungskapitalismus-materialien\/","title":{"rendered":"Zuboff: Das Zeitalter des \u00dcberwachungskapitalismus (Materialien)"},"content":{"rendered":"<h3>Zuboff: Materialien<\/h3>\n<h4>Es ist schlicht unm\u00f6glich, all die B\u00fccher &amp; Weblinks anzuf\u00fchren, die ich f\u00fcr die \u00dcbersetzung von <strong><em>Shoshana Zuboffs<\/em><\/strong> Titel <em><strong>Das Zeitalter des \u00dcberwachungskapitalismus<\/strong><\/em> zusammengetragen bzw. durchgeklickt habe, die einen, um sie zu zitieren, die anderen, um mich tiefer in die Materie einzuarbeiten. Also hier nur eine kleine Auswahl, die sich vermutlich allein dadurch definiert, dass ich nach der Lekt\u00fcre ein Lesezeichen gesetzt habe. Auf der anderen Seite freilich haben Sie ja die ausf\u00fchrlichen Quellenangaben im Buch selbst.<\/h4>\n<p>Das ist eine Mordsarbeit, also haben Sie etwas Geduld. F\u00fcr themenbezogene Vorschl\u00e4ge schalte ich mal die Kommentarfunktion frei. W\u00fcrd&#8217; mich \u00fcber Anregungen freuen&#8230; Und nat\u00fcrlich bin ich nur f\u00fcr die Inhalte auf meiner Seite verantwortlich; ich \u00fcbernehme <span class=\"st\"><em>keine Verantwortung f\u00fcr Inhalte<\/em> von Websites oder <em>Blogs<\/em> Dritter, auf die hier verwiesen wird, oder f\u00fcr deren Anbieter.<\/span><\/p>\n<p style=\"text-align: center;\">~~~<\/p>\n<p style=\"text-align: center;\"><a href=\"http:\/\/www.shoshanazuboff.com\/new\/\"><strong>Homepage Shoshana Zuboff <\/strong><\/a><\/p>\n<p style=\"text-align: center;\">~~~<\/p>\n<p style=\"text-align: center;\"><a href=\"https:\/\/www.slangtimes.com\/bernhardschmid\/zuboff-glossar\/\"><strong>Mein kleines Zuboff-Glossar<\/strong><\/a><\/p>\n<p style=\"text-align: center;\">~~~<\/p>\n<p style=\"text-align: center;\"><strong>Schweizer Menschenrechtsportal<\/strong><br \/>\nAllgemeine Erkl\u00e4rung der Menschenrechte (1948)<\/p>\n<p style=\"text-align: center;\"><a href=\"https:\/\/www.humanrights.ch\/de\/internationale-menschenrechte\/aemr\/text\/artikel-19-aemr-meinungs-informationsfreiheit\" target=\"_blank\" rel=\"noopener\">Artikel 19 &#8211; Meinungs- und Informationsfreiheit<\/a><\/p>\n<p style=\"text-align: center;\">~~~<\/p>\n<p style=\"text-align: center;\"><strong>Claiming Human Rights<\/strong><br \/>\nGuide to International Procedures Available in Cases of Human Rights Violations in Africa<br \/>\n<a href=\"http:\/\/www.claiminghumanrights.org\/udhr_article_19.html\" target=\"_blank\" rel=\"noopener\">Article 19: Right to freedom of opinion and expression <\/a><\/p>\n<p style=\"text-align: center;\">~~~<\/p>\n<p style=\"text-align: center;\"><strong>EU-Datenschutz-Grundverordnung (EU-DSGVO)<\/strong><\/p>\n<p style=\"text-align: center;\"><a href=\"https:\/\/www.datenschutz-grundverordnung.eu\/grundverordnung\/art-13-ds-gvo\/\" target=\"_blank\" rel=\"noopener\">Art.13 &#8211; EU-DSGVO<\/a><br \/>\nInformationspflicht bei Erhebung von personenbezogenen Daten bei der betroffenen Person<\/p>\n<p style=\"text-align: center;\">~~~<\/p>\n<p style=\"text-align: center;\"><a href=\"https:\/\/www.wired.de\/collection\/life\/beliebte-apps-spionieren-android-nutzer-aus\" target=\"_blank\" rel=\"noopener\">Android-Nutzer werden durch Apps ausspioniert<\/a><br \/>\n<strong>WIRED<br \/>\n<\/strong>27.11.2017<\/p>\n<p style=\"text-align: center;\">~~~<\/p>\n<p style=\"text-align: center;\">Android:<br \/>\n<a href=\"https:\/\/www.zdnet.de\/88319773\/android-mehr-als-75-prozent-aller-android-apps-spionieren-nutzer-aus\/\" target=\"_blank\" rel=\"noopener\">Mehr als 75 Prozent aller Android-Apps spionieren Nutzer aus<\/a><br \/>\n<strong>ZDNet.de<\/strong><\/p>\n<p style=\"text-align: center;\">~~~<\/p>\n<p style=\"text-align: center;\">Annette Disselkamp,<br \/>\n<a href=\"https:\/\/journals.openedition.org\/rhr\/7759\" target=\"_blank\" rel=\"noopener\">La Sociologie et l\u2019Oubli du monde<\/a><br \/>\n&#8211; Retours sur les fondements d\u2019une discipline<br \/>\n<strong>Revue de l&#8217;histoire des religions<\/strong><\/p>\n<p style=\"text-align: center;\">~~~<\/p>\n<p style=\"text-align: center;\"><strong>Google Ads Help<\/strong><br \/>\nAbout ad relevance &#8211; <a href=\"https:\/\/support.google.com\/adwords\/answer\/1659752?hl=en\" target=\"_blank\" rel=\"noopener\">AdWords Help<\/a><\/p>\n<p style=\"text-align: center;\">~~~<\/p>\n<p style=\"text-align: center;\"><a href=\"https:\/\/wiki.openrightsgroup.org\/wiki\/A_Taxonomy_of_Privacy\">A Taxonomy of Privacy<\/a><br \/>\n<strong>ORG Wiki<\/strong><\/p>\n<p style=\"text-align: center;\">~~~<\/p>\n<p style=\"text-align: center;\"><a href=\"http:\/\/www.netzpiloten.de\/die-grenzen-von-big-data\" target=\"_blank\" rel=\"noopener\">Der Begriff Privacy<\/a><\/p>\n<p style=\"text-align: center;\">~~~<\/p>\n<p style=\"text-align: center;\">13. Mrz 2016 Gunnar Sohn<br \/>\n<a href=\"https:\/\/www.netzpiloten.de\/die-grenzen-von-big-data\/\" target=\"_blank\" rel=\"noopener\">Die Grenzen von Big Data<\/a><br \/>\n<strong>Netzpiloten.de<\/strong><\/p>\n<p style=\"text-align: center;\">~~~<\/p>\n<h3 style=\"text-align: center;\">Verdatung:<\/h3>\n<p style=\"text-align: center;\">Ein wichtiger Punkt beim heutigen Umgang mit Daten ist,<br \/>\ndass hinsichtlich \u00bbdigitaler Sammelwut\u00ab die gr\u00f6\u00dfte Gefahr l\u00e4ngst nicht mehr vom Staat ausgeht. Nichts k\u00f6nnte diese Umschichtung besser verdeutlichen als ein R\u00fcckblick auf die <strong>Volksz\u00e4hlung 1983<\/strong>. Siehe dazu u.a.:<\/p>\n<p style=\"text-align: center;\">24.10.1983<br \/>\n<strong>VOLKSZ\u00c4HLUNG<\/strong><br \/>\n<strong>Ein Kinderspiel<\/strong><br \/>\nDer Volksz\u00e4hlungsproze\u00df in Karlsruhe macht die Risiken der elektronischen Verdatung deutlich.<br \/>\nRuth Leuze, Datenschutzbeauftragte Baden-W\u00fcrttembergs, berief sich auf einen x-beliebigen B\u00fcrger, einen Hausmeister im \u00f6ffentlichen Dienst:<br \/>\n&#8220;Er hat Auto und Eigentumswohnung; seine Frau putzt an einer Schule, damit der Sohn studieren kann.&#8221;<br \/>\n\u00dcber diese Durchschnittsfamilie werden, wie die Stuttgarter Datensch\u00fctzerin vorrechnete, bereits heute in staatlichen Computern rund zweitausend Daten gespeichert, beispielsweise zur Lohnabrechnung 680, bei der Kfz-Zulassungsstelle und beim Kraftfahrt-Bundesamt 210, bei der Krankenkasse 114 und bei der Rentenversicherung etwa 642.<\/p>\n<p><a href=\"http:\/\/www.spiegel.de\/spiegel\/print\/d-14023950.html\" target=\"_blank\" rel=\"attachment noopener wp-att-1434\"><img decoding=\"async\" class=\"aligncenter wp-image-1434 size-medium\" src=\"http:\/\/www.slangtimes.com\/bernhardschmid\/wp-content\/uploads\/2019\/02\/SpiegOn-300x35.jpg\" alt=\"\" width=\"300\" height=\"35\" srcset=\"https:\/\/www.slangtimes.com\/bernhardschmid\/wp-content\/uploads\/2019\/02\/SpiegOn-300x35.jpg 300w, https:\/\/www.slangtimes.com\/bernhardschmid\/wp-content\/uploads\/2019\/02\/SpiegOn.jpg 313w\" sizes=\"(max-width: 300px) 100vw, 300px\" \/><\/a><\/p>\n<p style=\"text-align: center;\">~~~<\/p>\n<p style=\"text-align: center;\">14.10.1985<br \/>\n<a href=\"http:\/\/www.spiegel.de\/spiegel\/print\/d-13514714.html\" target=\"_blank\" rel=\"noopener\"><strong>POLIZEI<\/strong><\/a><br \/>\n<strong>Weite Hose<\/strong><\/p>\n<p style=\"text-align: center;\">Die SPD-Innenminister appellieren &#8230; auch an die Bundesregierung: Sie solle die Strafproze\u00dfordnung, in der die Befugnisse der Polizei bei der Strafverfolgung geregelt sind, umgehend an die Grunds\u00e4tze des Volksz\u00e4hlungsurteils anpassen, ebenso die Gesetze \u00fcber das Bundeskriminalamt und den Bundesgrenzschutz, die Polizeien des Bundes. Doch die Bonner Koalition hat diese Bereiche einstweilen ausgeklammert. Statt dessen besch\u00e4ftigt sich eine hinter verschlossenen T\u00fcren tagende Arbeitsgruppe seit Monaten damit, ein Gesetzespaket f\u00fcr die Staatsschutzorgane zu schn\u00fcren, mit dem freilich haargenau das gleiche Ziel verfolgt wird wie im IMK-Entwurf f\u00fcr die Polizei: Formal wird dem Karlsruher Urteil, das f\u00fcr Eingriffe in die Pers\u00f6nlichkeitsrechte der B\u00fcrger gesetzliche Vorschriften verlangt, Gen\u00fcge getan; inhaltlich indes wird das Verfassungsgericht, das <strong>st\u00e4rkeren Schutz vor Verdatung<\/strong> wollte, konterkariert.<\/p>\n<p><a href=\"http:\/\/www.spiegel.de\/spiegel\/print\/d-13514714.html\" target=\"_blank\" rel=\"attachment noopener wp-att-1434\"><img decoding=\"async\" class=\"aligncenter wp-image-1434 size-medium\" src=\"http:\/\/www.slangtimes.com\/bernhardschmid\/wp-content\/uploads\/2019\/02\/SpiegOn-300x35.jpg\" alt=\"\" width=\"300\" height=\"35\" srcset=\"https:\/\/www.slangtimes.com\/bernhardschmid\/wp-content\/uploads\/2019\/02\/SpiegOn-300x35.jpg 300w, https:\/\/www.slangtimes.com\/bernhardschmid\/wp-content\/uploads\/2019\/02\/SpiegOn.jpg 313w\" sizes=\"(max-width: 300px) 100vw, 300px\" \/><\/a><\/p>\n<p style=\"text-align: center;\">~~~<\/p>\n<p style=\"text-align: center;\">Google-Suche:<br \/>\n<a href=\"https:\/\/www.google.de\/search?hl=de&amp;as_q=deutschland+gesetzgebung+datenschutz+intimsph%C3%A4re&amp;as_epq=&amp;as_oq=&amp;as_eq=&amp;as_nlo=&amp;as_nhi=&amp;lr=&amp;cr=&amp;as_qdr=all&amp;as_sitesearch=&amp;as_occt=any&amp;safe=images&amp;as_filetype=&amp;as_rights=\" target=\"_blank\" rel=\"noopener\"><strong>deutschland gesetzgebung datenschutz intimsph\u00e4re<\/strong><br \/>\n<\/a><\/p>\n<p style=\"text-align: center;\">~~~<\/p>\n<p style=\"text-align: center;\">31.5.2012<br \/>\nUwe Schimank<br \/>\n<a href=\"http:\/\/www.bpb.de\/politik\/grundfragen\/deutsche-verhaeltnisse-eine-sozialkunde\/137997\/die-dynamik-sozialen-wandels-in-der-moderne\">Die Dynamik sozialen Wandels in der Moderne<\/a><br \/>\n<strong>Bundeszentrale f\u00fcr politische Bildung<\/strong><\/p>\n<p style=\"text-align: center;\">~~~<\/p>\n<p style=\"text-align: center;\"><a href=\"http:\/\/www.3sat.de\/page\/?source=\/sfdrs\/196967\/index.html\">Das Ende der Wahrheit?<\/a><br \/>\nEs wird immer leichter, Bilder zu manipulieren.<br \/>\nDas ist ein Fakt, vielleicht bald der letzte.<br \/>\nWie geht Demokratie in Zeiten des perfekten Fakes?<br \/>\n<strong>3Sat<\/strong><\/p>\n<p style=\"text-align: center;\">~~~<\/p>\n<p style=\"text-align: center;\"><a href=\"https:\/\/t3n.de\/news\/automatisierte-werbekommunikation-888766\/\">Automatisierte Werbekommunikation bringt Paradigmenwechsel im Marketing<\/a><br \/>\n<strong>t3n Digital Pioneers <\/strong><\/p>\n<p style=\"text-align: center;\">~~~<\/p>\n<p style=\"text-align: center;\"><a href=\"https:\/\/www.google.de\/url?sa=t&amp;rct=j&amp;q=&amp;esrc=s&amp;source=web&amp;cd=2&amp;ved=2ahUKEwj04aCluK7gAhXql4sKHdd9ASoQFjABegQIBhAE&amp;url=http%3A%2F%2Fpeople.hbs.edu%2Fmluca%2FSearchDegradation.pdf&amp;usg=AOvVaw22Eolym_mE588DRR_HUxoX\">Does Google Content Degrade Google Search?<\/a><br \/>\nExperimental Evidence<br \/>\nby Michael Luca, Tim Wu, Sebastian Couvidat, Daniel Frank, William Seltzer<\/p>\n<p style=\"text-align: center;\">~~~<\/p>\n<p style=\"text-align: center;\"><strong>Erving Goffman<\/strong><br \/>\nkanadischer Soziologe (<a href=\"https:\/\/de.wikipedia.org\/wiki\/Erving_Goffman\" target=\"_blank\" rel=\"noopener\"><strong>Wikipedia<\/strong><\/a>)<br \/>\n<a href=\"https:\/\/www.amazon.de\/alle-spielen-Theater-Selbstdarstellung-Alltag\/dp\/3492238912\/ref=sr_1_1?ie=UTF8&amp;qid=1549708482&amp;sr=8-1&amp;keywords=Wir+alle+spielen+Theater.+Die+Selbstdarstellung+im+Alltag\" target=\"_blank\" rel=\"noopener\"><em><strong>Wir alle spielen Theater. Die Selbstdarstellung im Alltag<\/strong><\/em><\/a>. \u00dcbersetzt von Peter Weber-Sch\u00e4fer. 10. Auflage. Piper, M\u00fcnchen 2003, ISBN 3-492-23891-2.<br \/>\n(The presentation of self in everyday life. Doubleday &amp; Company, New York 1959.)<\/p>\n<p style=\"text-align: center;\">~~~<\/p>\n<p style=\"text-align: center;\">Technology<\/p>\n<p style=\"text-align: center;\">Robinson Meyer<br \/>\n\u00bbEverything We Know About Facebook&#8217;s Secret Mood Manipulation Experiment<br \/>\nIt was probably legal. But was it ethical?\u00ab<\/p>\n<p style=\"text-align: center;\"><a href=\"https:\/\/www.theatlantic.com\/technology\/archive\/2014\/06\/everything-we-know-about-facebooks-secret-mood-manipulation-experiment\/373648\/\" target=\"_blank\" rel=\"noopener\"><strong>The Atlantic<\/strong><\/a>, Jun 28, 2014<\/p>\n<p style=\"text-align: center;\">~~~<\/p>\n<p style=\"text-align: center;\"><a href=\"http:\/\/www.iwp.jku.at\/wiki\/index.php\/Evolution%C3%A4re_und_Institutionelle_%C3%96konomie\" target=\"_blank\" rel=\"noopener\"><strong>Evolution\u00e4re und Institutionelle \u00d6konomie<\/strong><\/a><br \/>\nDie Evolution\u00e4re und Institutionelle \u00d6konomie ist ein \u00f6konomisches Paradigma, in welchem sozialer und \u00f6konomischer Wandel eine zentrale Bedeutung einnehmen<\/p>\n<p style=\"text-align: center;\">~~~<\/p>\n<p style=\"text-align: center;\"><strong><a href=\"https:\/\/de.wikipedia.org\/wiki\/Framing_(Kommunikationswissenschaft)\" target=\"_blank\" rel=\"noopener\">Framing<\/a><br \/>\n<\/strong>(Kommunikationswissenschaft)<br \/>\nFraming (englisch) bzw. Einrahmen (umgangsspr. Schubladendenken)<\/p>\n<p style=\"text-align: center;\">~~~<\/p>\n<p style=\"text-align: center;\"><a href=\"https:\/\/www.zdnet.de\/88145298\/spanien-gegen-google-eu-gericht-entscheidet-uber-recht-auf-vergessen\/\" target=\"_blank\" rel=\"noopener\"><strong>Spanien gegen Google: EU-Gericht entscheidet \u00fcber \u201eRecht auf Vergessen\u201c<\/strong><\/a><\/p>\n<p style=\"text-align: center;\">Datenschutzbeh\u00f6rden vertreten einen Spanier, dessen Haus zwangsversteigert wurde. Sie wollen alle Suchergebnisse dazu l\u00f6schen lassen. Google sieht die Meinungsfreiheit bedroht &#8211; mit \u00e4hnlicher Begr\u00fcndung k\u00f6nne auch ein wegen Bestechung verurteilter Politiker Zensur durchsetzen.<\/p>\n<p style=\"text-align: center;\">Bernd Kling am 27. Februar 2013<\/p>\n<p style=\"text-align: center;\"><strong>www.zdnet.de<\/strong><\/p>\n<p style=\"text-align: center;\">~~~<\/p>\n<p style=\"text-align: center;\"><a href=\"http:\/\/www.spiegel.de\/netzwelt\/netzpolitik\/google-eugh-urteil-zum-recht-vergessen-zu-werden-a-969132.html\" target=\"_blank\" rel=\"noopener\"><strong>EuGH-Entscheidung und Google <\/strong><\/a><br \/>\n<strong>Die wichtigsten Infos zum Suchmaschinen-Urteil<br \/>\n<\/strong>Der Europ\u00e4ische Gerichtshof hat geurteilt: Jeder B\u00fcrger hat das Recht, im Internet &#8220;vergessen zu werden&#8221;. Was genau bedeutet das, kann man jetzt verlangen, dass Google Links zu unliebsamen Seiten l\u00f6scht? Antworten auf die wichtigsten Fragen.<br \/>\nMatthias Kremp und Markus B\u00f6hm<br \/>\n<a href=\"http:\/\/www.spiegel.de\/netzwelt\/netzpolitik\/google-eugh-urteil-zum-recht-vergessen-zu-werden-a-969132.html\" target=\"_blank\" rel=\"attachment noopener wp-att-1434\"><img decoding=\"async\" class=\"aligncenter wp-image-1434 size-medium\" src=\"http:\/\/www.slangtimes.com\/bernhardschmid\/wp-content\/uploads\/2019\/02\/SpiegOn-300x35.jpg\" alt=\"\" width=\"300\" height=\"35\" srcset=\"https:\/\/www.slangtimes.com\/bernhardschmid\/wp-content\/uploads\/2019\/02\/SpiegOn-300x35.jpg 300w, https:\/\/www.slangtimes.com\/bernhardschmid\/wp-content\/uploads\/2019\/02\/SpiegOn.jpg 313w\" sizes=\"(max-width: 300px) 100vw, 300px\" \/><\/a><\/p>\n<p style=\"text-align: center;\">~~~<\/p>\n<p style=\"text-align: center;\"><strong>Spanien gegen Google: EU-Gericht entscheidet \u00fcber \u201cRecht auf Vergessen\u201d<\/strong><br \/>\nBernd Kling, 27.2.2013<br \/>\n<a href=\"https:\/\/www.silicon.de\/41580595\/spanien-gegen-google-eu-gericht-entscheidet-uber-recht-auf-vergessen?inf_by=5c5eaf05671db853148b4f1c\"><strong>silicon <\/strong><\/a><\/p>\n<p style=\"text-align: center;\">Vor dem Europ\u00e4ischen Gerichtshof in Luxemburg wird derzeit ein Rechtsstreit zwischen spanischen Datenschutzbeh\u00f6rden und Google ausgefochten. Im Mittelpunkt steht das so genannte \u201cRecht auf Vergessen\u201d \u2013 das Urteil k\u00f6nnte weltweit von Bedeutung sei<\/p>\n<p style=\"text-align: center;\">~~~<\/p>\n<p style=\"text-align: center;\">Google Street View:<br \/>\nEingriff in Pers\u00f6nlichkeitsrechte und Datenschutz oder unbedenklicher Service?<br \/>\n17. August 2010<\/p>\n<p style=\"text-align: center;\"><a href=\"https:\/\/www.wbs-law.de\/allgemein\/google-street-view-eingriff-in-persoenlichkeitsrechte-und-datenschutz-oder-unbedenklicher-service-oder-1818\/\"><strong>www.wbs-law.de<\/strong><\/a><\/p>\n<p style=\"text-align: center;\">~~~<\/p>\n<p style=\"text-align: center;\">Zum Thema \u00bb<strong>requerimiento<\/strong>\u00ab.<br \/>\nSie war Gesetzesgrundlage f\u00fcr die Einverleibung \u00fcberseeischer Territorien.<br \/>\nDer Text enth\u00e4lt die bekannten Erkl\u00e4rungen \u00fcber die Erschaffung der Welt und die Einheit des \u00fcber die Erde verstreuten Menschengeschlechts, das aus Adam und Eva hervorgegangen sei. Dieses Schriftst\u00fcck wurde 1513 von dem Kronjuristen Palacios Rubios verfa\u00dft und diente dazu, die Rechtslage f\u00fcr die Besitznahme und Unterjochung der entdeckten L\u00e4nder zu kl\u00e4ren. Die <strong>Konquistadoren<\/strong> waren angehalten, den \u00bbrequerimiento\u00ab <em>in situ<\/em> zu verlesen, d.h. bei der Landnahme in einem notariellen Akt den Indios zu verk\u00fcnden.<\/p>\n<p style=\"text-align: center;\">Claudius Armbruster (Hg.), Karin Hopfe (Hg.),<br \/>\n<em><strong>Horizont-Verschiebungen: Interkulturelles Verstehen und Heterogenit\u00e4t in der Romania<\/strong><\/em>.<br \/>\nFestschrift f\u00fcr Karsten Garscha zum 60. Geburtstag (1998)<br \/>\n<a href=\"https:\/\/portal.dnb.de\/opac.htm?method=showFullRecord&amp;currentResultId=%22Claudius%22+and+%22Armbruster%22%26any&amp;currentPosition=10\">Deutsche Nationalbibliothek <\/a><\/p>\n<p style=\"text-align: center;\">~~~<\/p>\n<p style=\"text-align: center;\">Shoshana Zuboff, <a href=\"http:\/\/www.shoshanazuboff.com\/new\/books\/in-the-age-of-the-smart-machine\/\"><em><strong>In the Age of the Smart Machine<\/strong><\/em><\/a><\/p>\n<p style=\"text-align: center;\">~~~<\/p>\n<p style=\"text-align: center;\"><a href=\"https:\/\/www.encyclopedia.com\/history\/encyclopedias-almanacs-transcripts-and-maps\/industrial-capitalism\"><strong>Industrial Capitalism<\/strong><\/a><\/p>\n<p style=\"text-align: center;\">Encyclopedia of Modern Europe: Europe Since 1914: Encyclopedia of the Age of War and Reconstruction<br \/>\nCOPYRIGHT 2006 Thomson Gale<\/p>\n<p style=\"text-align: center;\">endcyclodpedia.com<\/p>\n<p style=\"text-align: center;\">~~~<\/p>\n<p style=\"text-align: center;\"><strong><a href=\"https:\/\/www.fraunhofer.de\/de\/forschung\/forschungsfelder\/kommunikation-wissen\/kognitive-maschinen-kuenstliche-intelligenz-ki.html\">Kommunikation und Wissen \u2013 Kognitive Maschinen \u2013 K\u00fcnstliche Intelligenz (KI)<\/a><\/strong><\/p>\n<p style=\"text-align: center;\">Fraunhofer-Gesellschaft<\/p>\n<p style=\"text-align: center;\">~~~<\/p>\n<p style=\"text-align: center;\">\u00c9mile Durkheim (1858-1917)<br \/>\n<strong>De la division du travail social<\/strong><br \/>\n(1893)<\/p>\n<p style=\"text-align: center;\">Une \u00e9dition \u00e9lectronique r\u00e9alis\u00e9e \u00e0 partir du livre d\u2019\u00c9mile Durkheim (1897), De la division du travail social.<br \/>\nParis: Les Presses universitaires de France, 8e \u00e9dition, 1967, 416 pages. Collection: Biblioth\u00e8que de philosophie contemporaine.<\/p>\n<p style=\"text-align: center;\">(Text der franz\u00f6sischen Originalausgabe)<\/p>\n<p style=\"text-align: center;\">~~~<\/p>\n<p style=\"text-align: center;\">Mass production<br \/>\nWritten By: William K. Holstein Morris Tanenbaum<\/p>\n<p style=\"text-align: center;\"><a href=\"https:\/\/www.britannica.com\/technology\/mass-production\"><strong>Encyclopaedia Britannica<\/strong><\/a><\/p>\n<p style=\"text-align: center;\">&nbsp;<\/p>\n<p style=\"text-align: center;\">~~~<\/p>\n<p style=\"text-align: center;\">The Living Handbook of Narratology<br \/>\nDefinition: Narratology is a humanities discipline dedicated to the study of the logic, principles, and practices of narrative representation.<br \/>\n<a href=\"http:\/\/www.lhn.uni-hamburg.de\/article\/narratology\" target=\"_blank\" rel=\"noopener\">Jan Christoph Meister<\/a><br \/>\n26. August 2011<\/p>\n<p style=\"text-align: center;\">~~~<\/p>\n<p style=\"text-align: center;\">SEWA &#8211; Computer lernen Gef\u00fchle erkennen<br \/>\nWie Konsumierende empfinden: Ein internationales Forschungsteam aus Wissenschaft und Praxis bringt Computern bei, Gesichtsausdr\u00fccke und Reaktionen von Menschen zu interpretieren. Multimediale Inhalten k\u00f6nnten aufgrund von Gef\u00fchlen zielgenau auf das Publikum abgestimmt werden.<br \/>\n<a href=\"http:\/\/www.fim.uni-passau.de\/intelligent-systems\/forschung-und-projekte\/projektdetails\/?tx_importconveris_pi1%5Baction%5D=showSingleProject&amp;tx_importconveris_pi1%5Bid%5D=1204\" target=\"_blank\" rel=\"noopener\">Projektdetails<\/a><br \/>\n<strong>Universit\u00e4t Passau<\/strong><\/p>\n<p style=\"text-align: center;\">~~~<\/p>\n<p style=\"text-align: center;\"><strong>Quality Score<\/strong><br \/>\n<a href=\"https:\/\/www.wordstream.com\/quality-score\" target=\"_blank\" rel=\"noopener\"> What Is Quality Score &amp; How Does it Affect PPC?<\/a><\/p>\n<p style=\"text-align: center;\">If you\u2019re trying to master PPC, you need a solid understanding of Quality Score. That\u2019s because your Quality Scores have enormous influence over the cost and effectiveness of your paid search campaigns. Just as your credit score can affect whether or not you qualify for a loan and how high your interest rate is, Google Quality Score affects how your PPC ads perform and how much you pay for each click.<br \/>\n<strong>WordStream Advisor<\/strong><\/p>\n<p style=\"text-align: center;\">~~~<\/p>\n<p style=\"text-align: center;\"><strong>Recht auf Vergessenwerden<\/strong><br \/>\nGoogle-Urteil des EuGH<\/p>\n<p style=\"text-align: center;\">Der Europ\u00e4ische Gerichtshof (EuGH) hat mit seinem \u201eGoogle-Urteil\u201c vom 13.05.2014 (Az. C 131\/12) eine weitreichende Entscheidung gef\u00e4llt. Er r\u00e4umt Privatpersonen das Recht ein, von Suchmaschinenbetreibern die L\u00f6schung von Links zu Webseiten Dritter zu verlangen, die unerw\u00fcnschte Inhalte bzw. Informationen enthalten.<\/p>\n<p style=\"text-align: center;\"><a href=\"https:\/\/ggr-law.com\/persoenlichkeitsrecht\/faq\/recht-auf-vergessenwerden-google-urteil-des-eugh\/\" target=\"_blank\" rel=\"noopener\"><strong>gulden r\u00f6ttger rechtsanw\u00e4lte<\/strong><\/a><\/p>\n<p style=\"text-align: center;\">~~~<\/p>\n<p style=\"text-align: center;\">Ralf Ehe:<br \/>\nDie &#8220;Informationsgesellschaft&#8221; und die politische Dimension des Internets<br \/>\n<a href=\"https:\/\/www.reflexive-modernisierung.de\/reflexive-modernisierung\" target=\"_blank\" rel=\"noopener\"><strong>3 Reflexive Modernisierung<\/strong><\/a><\/p>\n<p style=\"text-align: center;\">~~~<\/p>\n<p style=\"text-align: center;\">Research papers of<br \/>\n<strong>Hal R. Varian<\/strong><br \/>\nThese are academic papers of one sort or another. Look under articles to find material published in the popular press.<\/p>\n<p style=\"text-align: center;\"><a href=\"http:\/\/people.ischool.berkeley.edu\/~hal\/people\/hal\/papers.html\" target=\"_blank\" rel=\"noopener\"><strong>The School of Information<\/strong><\/a><br \/>\n<strong>UC Berkeley<\/strong><\/p>\n<p style=\"text-align: center;\">~~~<\/p>\n<p style=\"text-align: center;\">Rethinking value exchange:<br \/>\nConsumers trust us with their data &#8211; how do we repay them?<br \/>\n<a href=\"https:\/\/www.mycustomer.com\/experience\/voice-of-the-customer\/rethinking-value-exchange-consumers-trust-us-with-their-data-how-do\" target=\"_blank\" rel=\"noopener\"><strong>MyCustomer.com<\/strong><\/a><\/p>\n<p style=\"text-align: center;\">~~~<\/p>\n<p style=\"text-align: center;\">RiBVerfG Masing:<br \/>\nVorl\u00e4ufige Einsch\u00e4tzung der \u201eGoogle-Entscheidung\u201c des EuGH<br \/>\nJohannes Masing<br \/>\nDo 14 Aug 2014<\/p>\n<p style=\"text-align: center;\"><a href=\"https:\/\/verfassungsblog.de\/\" target=\"_blank\" rel=\"noopener\"><strong>Verfassungsblog <\/strong><\/a><\/p>\n<p style=\"text-align: center;\">~~~<\/p>\n<p style=\"text-align: center;\"><em><strong>Rule by Secrecy <\/strong><\/em><br \/>\n<em><strong>The History Of The Trilateral Commission, The Freemasons, Pyramids<\/strong><\/em><\/p>\n<p style=\"text-align: center;\">If you truly believe that humanity has almost reached the peak of its scientific and spiritual fulfillment and that the corporate-owned mass&#8230;<\/p>\n<p style=\"text-align: center;\"><a href=\"https:\/\/issuu.com\/kynize\/docs\/rule_by_secrecy\" target=\"_blank\" rel=\"noopener\"><strong>issuu<\/strong><\/a><\/p>\n<p style=\"text-align: center;\">~~~<\/p>\n<p style=\"text-align: center;\">Satya Nadella:<br \/>\n<a href=\"https:\/\/news.microsoft.com\/speeches\/satya-nadella-microsoft-ignite-2016\/\" target=\"_blank\" rel=\"noopener\">Microsoft Ignite 2016<\/a><\/p>\n<p style=\"text-align: center;\">September 26, 2016<\/p>\n<p style=\"text-align: center;\">~~~<\/p>\n<p style=\"text-align: center;\">Nutzerrechte<br \/>\n<strong>Schn\u00fcffelpuppe \u201eMy Friend Cayla\u201c in Deutschland verboten<\/strong><\/p>\n<p style=\"text-align: center;\">Ein Jura-Student hat eine \u201esmarte Puppe\u201c untersucht und sie als verbotene Sendeanlage eingestuft. Diese Ansicht teilt nun auch die Bundesnetzagentur und verbietet das Spielzeug. Eltern m\u00fcssen es sogar vernichten, um sich nicht strafbar zu machen.<br \/>\n16.02.2017<\/p>\n<p style=\"text-align: center;\"><a href=\"https:\/\/netzpolitik.org\/2017\/schnueffelpuppe-my-friend-cayla-in-deutschland-verboten\/\" target=\"_blank\" rel=\"noopener\"><strong>netzpolitik.org<\/strong><\/a><\/p>\n<p style=\"text-align: center;\">~~~<\/p>\n<p style=\"text-align: center;\">Thema<br \/>\nDatenschutz<br \/>\nDatenschutzgesetze, Datenschutz, private \u00dcberwachung, Big Data, Scoring, Datenlecks.<br \/>\n<a href=\"https:\/\/netzpolitik.org\/category\/datenschutz\/\" target=\"_blank\" rel=\"noopener\"><strong>Netzpolitik.org<\/strong><\/a><\/p>\n<p style=\"text-align: center;\">~~~<\/p>\n<p style=\"text-align: center;\">Datenschutz<br \/>\n<strong>Die DSGVO zeigt erste Z\u00e4hne: 50-Millionen-Strafe gegen Google verh\u00e4ngt<\/strong><br \/>\nIntransparent, unfair, ohne g\u00fcltige Rechtsgrundlage: Frankreichs Datensch\u00fctzer verurteilten Googles Datensammelei. Auf eine Beschwerde von Aktivist Max Schrems verh\u00e4ngten sie das gr\u00f6\u00dfte Bu\u00dfgeld in der Geschichte des europ\u00e4ischen Datenschutzes.<br \/>\nSimon Rebiger, Ingo Dachwitz<br \/>\n21.01.2019<br \/>\n<a href=\"https:\/\/netzpolitik.org\/2019\/die-dsgvo-zeigt-erste-zaehne-50-millionen-strafe-gegen-google-verhaengt\/\" target=\"_blank\" rel=\"noopener\"><strong>netzpolitik.org <\/strong><\/a><\/p>\n<p style=\"text-align: center;\">~~~<\/p>\n<p style=\"text-align: center;\"><strong>Shoshana Zuboff : A Digital Declaration<\/strong><br \/>\nAktualisiert am 15.09.2014<br \/>\n<a href=\"https:\/\/www.faz.net\/aktuell\/feuilleton\/debatten\/the-digital-debate\/shoshan-zuboff-on-big-data-as-surveillance-capitalism-13152525-p5.html\" target=\"_blank\" rel=\"noopener\"><strong>Frankfurter Allgemeine Zeitung<\/strong><\/a><\/p>\n<p style=\"text-align: center;\">~~~<\/p>\n<p style=\"text-align: center;\"><strong>Social Theory and the Second Modernity<\/strong><br \/>\nThe three pillars of social life \u2013 earning a living; the rationalities of social action, control and governance; and the forms of social solidarity and cohesion \u2013 are still valid and highly topical. No doubt they form part of the foundation for the current trends of societal change. However, several contemporary sociological analyses suggest that Western societies and culture have, in recent decades, moved from the first modernity, characterized by the classic sociological thinkers, toward a second modernity (Giddens 1990; Beck 1992; Young 1999).<br \/>\n<a href=\"https:\/\/ebrary.net\/2046\/sociology\/social_theory_second_modernity\" target=\"_blank\" rel=\"noopener\"><strong>Ebrary.net <\/strong><\/a><br \/>\n~~~<\/p>\n<p style=\"text-align: center;\">Echte Demokratie Jetzt! Occupy<br \/>\n<strong>story 15M<br \/>\n<\/strong>Hier finden sie einen Einblick in den Start der 15M Bewegung in Spanien, eine Dokumentation der vier Wochen vom 15. Mai bis 12. Juni 2011, in denen in Spanien Protestcamps stattfanden.Neben der Story 15M dieser ersten Wochen haben wir auch einige Artikel zu bestimmten Themen versammelt<br \/>\n<a href=\"http:\/\/www.echte-demokratie-jetzt.de\/story-15m\/\" target=\"_blank\" rel=\"noopener\"><strong>www.echte-demokratie-jetzt.de<\/strong><\/a><\/p>\n<p style=\"text-align: center;\">~~~<\/p>\n<p style=\"text-align: center;\"><strong>Targeted Advertising<\/strong><br \/>\nTargeted Advertising (deutsch zielgerichtete Werbung) ist eine Internet-Werbeform, bei der es darum geht, Werbeeinblendungen themenrelevant am Inhalt von Zielseiten ausgerichtet oder bestimmten Zielgruppen entsprechend darzustellen.<br \/>\n<a href=\"https:\/\/de.wikipedia.org\/wiki\/Targeted_Advertising\" target=\"_blank\" rel=\"noopener\"><strong>Wikipedia <\/strong><\/a><\/p>\n<p style=\"text-align: center;\">~~~<\/p>\n<p style=\"text-align: center;\">J\u00f6rg Frommer, Bernd Michaelis, Dietmar R\u00f6sner, Andreas Wendemuth, Rafael Friesen, Matthias Haase, Manuela Kunze, Rico Andrich, Julia Lange, Axel Panning, and Ingo Siegert (2012)<br \/>\n<strong>Towards Emotion and Affect Detection in the Multimodal LAST MINUTE Corpus<\/strong><br \/>\nIn: <a href=\"http:\/\/www.lrec-conf.org\/proceedings\/lrec2012\/summaries\/782.html\" target=\"_blank\" rel=\"noopener\">Proceedings<\/a> of the Eight International Conference on Language Resources and Evaluation (LREC&#8217;12), ed. by Nicoletta Calzolari (Conference Chair) and Khalid Choukri and Thierry Declerck and Mehmet Ugur Dogan and Bente Maegaard and Joseph Mariani and Jan Odijk and Stelios Piperidis, pp. 110, European Language Resources Association (ELRA), Istanbul, Turkey. (ISBN: 978-2-9517408-7-7).<br \/>\n<a href=\"https:\/\/edu.cs.uni-magdeburg.de\/EC\/publikationen\/alle-publikationen\/Frommer12Lrec\" target=\"_blank\" rel=\"noopener\"><strong>Universit\u00e4t Magdeburg<\/strong><\/a><\/p>\n<p style=\"text-align: center;\">~~~<\/p>\n<p style=\"text-align: center;\"><strong>Was ist die Facebook Suche Social Graph<\/strong><br \/>\nViel Rauch um Nichts oder eine neue Revolution der Datensuche:<br \/>\nFacebook bietet mit der Funktion Social Graph einen aktualisierten Zugang zu ihren Mitgliederdaten. Doch was ist Social Graph und wie funktioniert sie?<br \/>\nFachartikel IT &amp; Web<br \/>\n<a href=\"https:\/\/www.gruenderkueche.de\/fachartikel\/was-ist-die-facebook-suche-social-graph\/\" target=\"_blank\" rel=\"noopener\"><strong>Gr\u00fcnderk\u00fcche <\/strong><\/a><br \/>\nAugust 2013<\/p>\n<p style=\"text-align: center;\">~~~<\/p>\n<p style=\"text-align: center;\">Erkl\u00e4rung zum Begriff<br \/>\n<strong>Abh\u00f6ren<br \/>\n<\/strong>Die T\u00e4tigkeit Abh\u00f6ren bezeichnet das Lauschen an einer Ger\u00e4uschquelle oder einer Kommunikationsverbindung, um ihren Informationsgehalt zu erfassen. Dies muss nicht unbedingt akustisch geschehen.<br \/>\n<a href=\"https:\/\/www.juraforum.de\/lexikon\/abhoeren\" target=\"_blank\" rel=\"noopener\"><strong>Juraforum <\/strong><\/a><\/p>\n<p style=\"text-align: center;\">~~~<\/p>\n<p style=\"text-align: center;\">Ulrich Beck<br \/>\n(1944-2015),<br \/>\neiner der sch\u00f6pferischsten und innovativsten Soziologen der Fachgeschichte, war Professor f\u00fcr Soziologie an der Ludwig-Maximilians-Universit\u00e4t M\u00fcnchen (LMU), British Journal of Sociology Visiting Centennial Professor an der London School of Economics and Political Science (LSE) und Professor an der Fondation Maison des Sciences de l\u2019Homme (FMSH) in Paris.<br \/>\n<a href=\"https:\/\/webarchiv-ulrich-beck.soziologie.uni-muenchen.de\/biography\/\" target=\"_blank\" rel=\"noopener\"><strong>Webarchiv Ulrich Beck <\/strong><\/a><\/p>\n<p style=\"text-align: center;\">~~~<\/p>\n<p style=\"text-align: center;\">Urteil des Gerichtshofs (Gro\u00dfe Kammer) vom 13. Mai 2014<br \/>\n(Vorabentscheidungsersuchen der Audiencia Nacional \u2013 Spanien)<br \/>\nGoogle Spain SL, Google Inc.\/Agencia de Protecci\u00f3n de Datos (AEPD), Mario Costeja Gonz\u00e1lez<br \/>\n(Rechtssache C-131\/12)1<br \/>\n<a href=\"http:\/\/curia.europa.eu\/juris\/document\/document.jsf;jsessionid=9ea7d0f130deac8a08207d9145779205a04806ce06c8.e34KaxiLc3eQc40LaxqMbN4Pb3aOe0?text=&amp;docid=153853&amp;pageIndex=0&amp;doclang=DE&amp;mode=req&amp;dir=&amp;occ=first&amp;part=1&amp;cid=75532\" target=\"_blank\" rel=\"noopener\"><strong>InfoCuria &#8211; Rechtsprechung des Gerichtshofs<\/strong><\/a><br \/>\n<a href=\"https:\/\/curia.europa.eu\/jcms\/jcms\/j_6\/de\/\" target=\"_blank\" rel=\"noopener\"><strong>DER GERICHTSHOF DER EUROP\u00c4ISCHEN UNION<\/strong><\/a><br \/>\n~~~<\/p>\n<p style=\"text-align: center;\">ZDNet \/ Regulierung<br \/>\n<strong>Disconnect reicht bei der EU Kartellbeschwerde gegen Google ein<br \/>\n<\/strong>Der Anbieter der gleichnamigen Datenschutzanwendung wirft dem Internetkonzern, einen Missbrauch seiner marktbeherrschenden Stellung vor. Google hatte die Disconnect-App 2014 aus seinem Play Store verbannt, weil sie angeblich seine Richtlinien verletzt. Es bezeichnet die Vorw\u00fcrfe als &#8220;haltlos&#8221;.<br \/>\n<a href=\"https:\/\/www.zdnet.de\/88236683\/disconnect-reicht-bei-der-eu-kartellbeschwerde-gegen-google-ein\/\" target=\"_blank\" rel=\"noopener\"><strong>www.zdnet.de<\/strong><\/a><\/p>\n<p style=\"text-align: center;\">~~~<\/p>\n<p style=\"text-align: center;\"><strong>Economies of Scale<\/strong><br \/>\nDefinition Economies of Scale<br \/>\nEconomies of Scale (deutsch: Skaleneffekte, Skalenertr\u00e4ge, Skalenvorteile) bezeichnen Gr\u00f6\u00dfenvorteile, die darin zum Ausdruck kommen, dass die Selbstkosten je St\u00fcck \u2013 d.h., die im Unternehmen f\u00fcr ein Produkt anfallenden Kosten \u2013 mit steigender Produktionsmenge (und damit der Unternehmensgr\u00f6\u00dfe) sinken.<br \/>\n<a href=\"https:\/\/welt-der-bwl.de\/Economies-of-Scale\" target=\"_blank\" rel=\"noopener\"><strong>Welt der BWL<\/strong><\/a><\/p>\n<p style=\"text-align: center;\">~~~<\/p>\n<p style=\"text-align: center;\">Economies of Scale<br \/>\nWhen Size Matters<br \/>\n<a href=\"https:\/\/www.thebalance.com\/economies-of-scale-3305926\" target=\"_blank\" rel=\"noopener\"><strong>the.balance.com <\/strong><\/a><\/p>\n<p style=\"text-align: center;\">~~~<\/p>\n<p style=\"text-align: center;\"><strong>Supreme Court Rejects Google&#8217;s Street View Appeal<\/strong>:<br \/>\nThe U.S. Supreme Court has denied a petition from Google to reverse the decision in the Google Street View case.<br \/>\n<a href=\"https:\/\/epic.org\/amicus\/google-street-view\/\" target=\"_blank\" rel=\"noopener\">epig.org <\/a><\/p>\n<p style=\"text-align: center;\">~~~<\/p>\n<p style=\"text-align: center;\">Urteile &gt;&gt; Datenschutzrecht<br \/>\nEuGH: Google Spain .\/. AEPD<br \/>\nEuGH, Urteil v. 13.05.2014, Az. C-131\/12, Link: http:\/\/tlmd.in\/u\/1473<br \/>\nLeits\u00e4tze des Gerichts<br \/>\n<a href=\"https:\/\/www.telemedicus.info\/urteile\/Datenschutzrecht\/1473-EuGH-Az-C-13112-Google-Spain-..-AEPD.html\" target=\"_blank\" rel=\"noopener\"><strong>Telemedicus<\/strong><\/a><br \/>\nRecht der Informationsgesellschaft<\/p>\n<p style=\"text-align: center;\">~~~<\/p>\n<p style=\"text-align: center;\"><strong>Urteil des Gerichtshofs (Gro\u00dfe Kammer)<\/strong><br \/>\nvom 8. April 2014.<br \/>\nDigital Rights Ireland Ltd gegen Minister for Communications, Marine and Natural Resources u. a. und K\u00e4rntner Landesregierung u. a.<br \/>\nVorabentscheidungsersuchen, eingereicht vom High Court (Irland) und vom Verfassungsgerichtshof.<br \/>\nElektronische Kommunikation \u2013 Richtlinie 2006\/24\/EG \u2013 \u00d6ffentlich zug\u00e4ngliche elektronische Kommunikationsdienste oder \u00f6ffentliche Kommunikationsnetze \u2013 Vorratsspeicherung von Daten, die bei der Bereitstellung solcher Dienste erzeugt oder verarbeitet werden \u2013 G\u00fcltigkeit \u2013 Art. 7, 8 und 11 der Charta der Grundrechte der Europ\u00e4ischen Union.<br \/>\nVerbundene Rechtssachen C-293\/12 und C-594\/12.<br \/>\nDigital reports (Court Reports &#8211; general)<br \/>\nECLI identifier: ECLI:EU:C:2014:238<\/p>\n<p style=\"text-align: center;\"><a href=\"https:\/\/eur-lex.europa.eu\/legal-content\/DE\/TXT\/?uri=CELEX%3A62012CJ0293\" target=\"_blank\" rel=\"noopener\"><strong>URTEIL DES GERICHTSHOFS<\/strong><\/a><br \/>\n(Gro\u00dfe Kammer)<br \/>\n8. April 2014 ( *1 )<br \/>\n\u201eElektronische Kommunikation \u2014 Richtlinie 2006\/24\/EG \u2014 \u00d6ffentlich zug\u00e4ngliche elektronische Kommunikationsdienste oder \u00f6ffentliche Kommunikationsnetze \u2014 Vorratsspeicherung von Daten, die bei der Bereitstellung solcher Dienste erzeugt oder verarbeitet werden \u2014 G\u00fcltigkeit \u2014 Art. 7, 8 und 11 der Charta der Grundrechte der Europ\u00e4ischen Union\u201c<\/p>\n<p style=\"text-align: center;\">~~~<\/p>\n<p style=\"text-align: center;\"><strong>Evolutions\u00f6konomik<\/strong><br \/>\nEvolutions\u00f6konomik (auch: Evolutorische \u00d6konomik oder Evolution\u00e4re \u00d6konomik) ist ein in den 1980er Jahren entstandenes Forschungsgebiet der Wirtschaftswissenschaft, das sich mit der Rolle des Wissens, seinem Wandel und seinen Begrenzungen f\u00fcr die Wirtschaft befasst.[1] Es baut auf \u00e4lteren Theorien der Anpassung der Unternehmen an ihre Umwelten (Armen A. Alchian), auf Theorien des Entrepreneurs (Schumpeter) und auf ressourcentheoretischen Ans\u00e4tzen (Edith Penrose) auf und stellt die mikro\u00f6konomische Gleichgewichtstheorie in Frage.<br \/>\n<a href=\"https:\/\/de.wikipedia.org\/wiki\/Evolutions%C3%B6konomik\" target=\"_blank\" rel=\"noopener\"><strong>Wikipedia<\/strong><\/a><\/p>\n<p style=\"text-align: center;\">~~~<\/p>\n<p style=\"text-align: center;\">Holly B. Shakya Nicholas A. Christakis<br \/>\nAssociation of Facebook Use With Compromised Well-Being:<br \/>\nA Longitudinal Study<br \/>\n<em><strong>American Journal of Epidemiology<\/strong><\/em>,<br \/>\nVolume 185, Issue 3, 1 February 2017, <a href=\"https:\/\/academic.oup.com\/aje\/article\/185\/3\/203\/2915143\" target=\"_blank\" rel=\"noopener\">Pages 203\u2013211<\/a><\/p>\n<p style=\"text-align: center;\">~~~<\/p>\n<p style=\"text-align: center;\">BVerwG, Beschluss vom 20.03.2012 &#8211; Aktenzeichen 1 WB 26.11<br \/>\nDRsp Nr. 2012\/16197<br \/>\nFeststellung eines Sicherheitsrisikos in seiner erweiterten Sicherheits\u00fcberpr\u00fcfung mit Sicherheitsermittlungen (\u00dc 3) durch den Geheimschutzbeauftragten im Bundesministerium der Verteidigung<br \/>\nTenor<br \/>\nDer Antrag wird zur\u00fcckgewiesen.<br \/>\nNormenkette:<br \/>\nS\u00dcG \u00a7 6 Abs. 1; S\u00dcG \u00a7 14 Abs. 3;<br \/>\n<a href=\"https:\/\/www.rechtsportal.de\/Rechtsprechung\/Rechtsprechung\/2012\/BVerwG\/Feststellung-eines-Sicherheitsrisikos-in-seiner-erweiterten-Sicherheitsueberpruefung-mit-Sicherheitsermittlungen-Ue-3-durch-den-Geheimschutzbeauftragten-im-Bundesministerium-der-Verteidigung\" target=\"_blank\" rel=\"noopener\"><strong>rechtsportal.de<\/strong><\/a><\/p>\n<p style=\"text-align: center;\">~~~<\/p>\n<p style=\"text-align: center;\"><strong>Means and Ends<\/strong><br \/>\nThe dialectic of Means and Ends is of deep historical, ethical and political significance. The \u201cMeans\u201d is the activity a subject engages in with the intention of bringing about a certain \u201cEnd.\u201d The \u201cEnd\u201d has initially only an ideal existence, and the Realised End \u2013 the actual outcome of the adopted Means \u2013 may be quite different from the abstract End for which the Means was adopted in the first place.<br \/>\n<a href=\"https:\/\/www.marxists.org\/glossary\/terms\/m\/e.htm\" target=\"_blank\" rel=\"noopener\"><strong>www.marxists.org<\/strong><\/a><br \/>\nMIA: Encyclopedia of Marxism: Glossary of Terms<\/p>\n<p style=\"text-align: center;\">~~~<\/p>\n<p style=\"text-align: center;\"><strong>NOYB \u2013 European Center for Digital Rights<br \/>\n<\/strong>My Privacy is none of your Business<br \/>\n<a href=\"https:\/\/noyb.eu\/?lang=de\" target=\"_blank\" rel=\"noopener\"><strong>noyb.eu<\/strong><\/a><\/p>\n<p style=\"text-align: center;\">~~~<\/p>\n<p style=\"text-align: center;\"><strong>Science Magazine<\/strong><br \/>\n12 June 2015 &#8211; Page 1222<br \/>\n<a href=\"http:\/\/www.sciencemagazinedigital.org\/sciencemagazine\/12_june_2015?pm=1&amp;fs=1&amp;pg=66#pg66\" target=\"_blank\" rel=\"noopener\"><strong>Terrestrial animal tracking as an eye on life and planet<\/strong><\/a><br \/>\nRoland Kays e.a.<\/p>\n<p style=\"text-align: center;\">~~~<\/p>\n<p style=\"text-align: center;\"><strong>the world UNPLUGGED<\/strong><br \/>\nCollege students around the world are strikingly similar in how they use media \u2013 and how \u2018addicted\u2019 they are to it, according to a global study of university students by the International Center for Media &amp; the Public Agenda (ICMPA) in partnership with the Salzburg Academy on Media &amp; Global Change<br \/>\n<a href=\"https:\/\/theworldunplugged.wordpress.com\/\" target=\"_blank\" rel=\"noopener\"><strong>The World Unplugged <\/strong><\/a><\/p>\n<p style=\"text-align: center;\">~~~<\/p>\n<p style=\"text-align: center;\"><a href=\"https:\/\/www.slangtimes.com\/bernhardschmid\/2019-02-11\/zuboff-das-zeitalter-des-ueberwachungskapitalismus-materialien-2\/\">Hier<\/a> geht es \u2013 etwas detaillierter, wie ich hoffe \u2013 weiter.<\/p>\n","protected":false},"excerpt":{"rendered":"<p>Zuboff: Materialien Es ist schlicht unm\u00f6glich, all die B\u00fccher &amp; Weblinks anzuf\u00fchren, die ich f\u00fcr die \u00dcbersetzung von Shoshana Zuboffs Titel Das Zeitalter des \u00dcberwachungskapitalismus zusammengetragen bzw. durchgeklickt habe, die einen, um sie zu zitieren, die anderen, um mich tiefer in die Materie einzuarbeiten. Also hier nur eine kleine Auswahl, die sich vermutlich allein dadurch [&hellip;]<\/p>\n","protected":false},"author":1,"featured_media":0,"parent":0,"menu_order":0,"comment_status":"closed","ping_status":"open","template":"","meta":{"_crdt_document":"","ngg_post_thumbnail":0,"ocean_post_layout":"","ocean_both_sidebars_style":"","ocean_both_sidebars_content_width":0,"ocean_both_sidebars_sidebars_width":0,"ocean_sidebar":"","ocean_second_sidebar":"","ocean_disable_margins":"enable","ocean_add_body_class":"","ocean_shortcode_before_top_bar":"","ocean_shortcode_after_top_bar":"","ocean_shortcode_before_header":"","ocean_shortcode_after_header":"","ocean_has_shortcode":"","ocean_shortcode_after_title":"","ocean_shortcode_before_footer_widgets":"","ocean_shortcode_after_footer_widgets":"","ocean_shortcode_before_footer_bottom":"","ocean_shortcode_after_footer_bottom":"","ocean_display_top_bar":"default","ocean_display_header":"default","ocean_header_style":"","ocean_center_header_left_menu":"","ocean_custom_header_template":"","ocean_custom_logo":0,"ocean_custom_retina_logo":0,"ocean_custom_logo_max_width":0,"ocean_custom_logo_tablet_max_width":0,"ocean_custom_logo_mobile_max_width":0,"ocean_custom_logo_max_height":0,"ocean_custom_logo_tablet_max_height":0,"ocean_custom_logo_mobile_max_height":0,"ocean_header_custom_menu":"","ocean_menu_typo_font_family":"","ocean_menu_typo_font_subset":"","ocean_menu_typo_font_size":0,"ocean_menu_typo_font_size_tablet":0,"ocean_menu_typo_font_size_mobile":0,"ocean_menu_typo_font_size_unit":"px","ocean_menu_typo_font_weight":"","ocean_menu_typo_font_weight_tablet":"","ocean_menu_typo_font_weight_mobile":"","ocean_menu_typo_transform":"","ocean_menu_typo_transform_tablet":"","ocean_menu_typo_transform_mobile":"","ocean_menu_typo_line_height":0,"ocean_menu_typo_line_height_tablet":0,"ocean_menu_typo_line_height_mobile":0,"ocean_menu_typo_line_height_unit":"","ocean_menu_typo_spacing":0,"ocean_menu_typo_spacing_tablet":0,"ocean_menu_typo_spacing_mobile":0,"ocean_menu_typo_spacing_unit":"","ocean_menu_link_color":"","ocean_menu_link_color_hover":"","ocean_menu_link_color_active":"","ocean_menu_link_background":"","ocean_menu_link_hover_background":"","ocean_menu_link_active_background":"","ocean_menu_social_links_bg":"","ocean_menu_social_hover_links_bg":"","ocean_menu_social_links_color":"","ocean_menu_social_hover_links_color":"","ocean_disable_title":"default","ocean_disable_heading":"default","ocean_post_title":"","ocean_post_subheading":"","ocean_post_title_style":"","ocean_post_title_background_color":"","ocean_post_title_background":0,"ocean_post_title_bg_image_position":"","ocean_post_title_bg_image_attachment":"","ocean_post_title_bg_image_repeat":"","ocean_post_title_bg_image_size":"","ocean_post_title_height":0,"ocean_post_title_bg_overlay":0.5,"ocean_post_title_bg_overlay_color":"","ocean_disable_breadcrumbs":"default","ocean_breadcrumbs_color":"","ocean_breadcrumbs_separator_color":"","ocean_breadcrumbs_links_color":"","ocean_breadcrumbs_links_hover_color":"","ocean_display_footer_widgets":"default","ocean_display_footer_bottom":"default","ocean_custom_footer_template":"","footnotes":""},"categories":[1],"tags":[],"class_list":["post-1296","page","type-page","status-publish","hentry","category-allgemein","entry"],"_links":{"self":[{"href":"https:\/\/www.slangtimes.com\/bernhardschmid\/wp-json\/wp\/v2\/pages\/1296","targetHints":{"allow":["GET"]}}],"collection":[{"href":"https:\/\/www.slangtimes.com\/bernhardschmid\/wp-json\/wp\/v2\/pages"}],"about":[{"href":"https:\/\/www.slangtimes.com\/bernhardschmid\/wp-json\/wp\/v2\/types\/page"}],"author":[{"embeddable":true,"href":"https:\/\/www.slangtimes.com\/bernhardschmid\/wp-json\/wp\/v2\/users\/1"}],"replies":[{"embeddable":true,"href":"https:\/\/www.slangtimes.com\/bernhardschmid\/wp-json\/wp\/v2\/comments?post=1296"}],"version-history":[{"count":3,"href":"https:\/\/www.slangtimes.com\/bernhardschmid\/wp-json\/wp\/v2\/pages\/1296\/revisions"}],"predecessor-version":[{"id":2993,"href":"https:\/\/www.slangtimes.com\/bernhardschmid\/wp-json\/wp\/v2\/pages\/1296\/revisions\/2993"}],"wp:attachment":[{"href":"https:\/\/www.slangtimes.com\/bernhardschmid\/wp-json\/wp\/v2\/media?parent=1296"}],"wp:term":[{"taxonomy":"category","embeddable":true,"href":"https:\/\/www.slangtimes.com\/bernhardschmid\/wp-json\/wp\/v2\/categories?post=1296"},{"taxonomy":"post_tag","embeddable":true,"href":"https:\/\/www.slangtimes.com\/bernhardschmid\/wp-json\/wp\/v2\/tags?post=1296"}],"curies":[{"name":"wp","href":"https:\/\/api.w.org\/{rel}","templated":true}]}}